{"id":50748,"date":"2024-09-30T22:03:16","date_gmt":"2024-09-30T20:03:16","guid":{"rendered":"https:\/\/huntingeurope.be\/product\/veste-de-chasse-swedteam-ridge-pro-2-vert-foret\/"},"modified":"2025-11-25T19:09:00","modified_gmt":"2025-11-25T18:09:00","slug":"veste-de-chasse-swedteam-ridge-pro-2-vert-foret","status":"publish","type":"product","link":"https:\/\/huntingeurope.be\/fr\/produit\/veste-de-chasse-swedteam-ridge-pro-2-vert-foret\/","title":{"rendered":"Veste de chasse Swedteam Ridge Pro 2 &#8211; Vert for\u00eat"},"content":{"rendered":"","protected":false},"excerpt":{"rendered":"<p>Avec Ridge Pro, vous obtenez une veste de chasse courte et flexible avec une coupe plus serr\u00e9e, particuli\u00e8rement adapt\u00e9e \u00e0 la chasse active. Fabriqu\u00e9e dans un tissu silencieux et \u00e9quip\u00e9e de NEONORDIC\u00ae 100 pour la protection contre l&rsquo;eau et le vent. Disponible en 3 variantes du motif de camouflage unique DESOLVE\u00ae, DESOLVE\u00ae Veil, DESOLVE\u00ae Fire et DESOLVE\u00ae Fire\/Veil, ainsi qu&rsquo;en vert Forest Green. La veste de chasse poss\u00e8de de nombreuses poches sp\u00e9ciales adapt\u00e9es aux tireurs droitiers et gauchers.   <\/p>\n","protected":false},"featured_media":50676,"template":"","meta":{"_joinchat":[]},"product_brand":[],"product_cat":[874,556],"product_tag":[],"class_list":{"0":"post-50748","1":"product","2":"type-product","3":"status-publish","4":"has-post-thumbnail","6":"product_cat-vendredi-noir","7":"product_cat-vestes","9":"first","10":"instock","11":"sale","12":"taxable","13":"shipping-taxable","14":"purchasable","15":"product-type-variable"},"yoast_head":"<!-- This site is optimized with the Yoast SEO plugin v27.5 - https:\/\/yoast.com\/product\/yoast-seo-wordpress\/ -->\n<title>Veste de chasse Swedteam Ridge Pro 2 - Vert for\u00eat - Hunting Europe<\/title>\n<meta name=\"robots\" content=\"index, follow, max-snippet:-1, max-image-preview:large, max-video-preview:-1\" \/>\n<link rel=\"canonical\" href=\"https:\/\/huntingeurope.be\/fr\/produit\/veste-de-chasse-swedteam-ridge-pro-2-vert-foret\/\" \/>\n<meta property=\"og:locale\" content=\"fr_FR\" \/>\n<meta property=\"og:type\" content=\"article\" \/>\n<meta property=\"og:title\" content=\"Veste de chasse Swedteam Ridge Pro 2 - Vert for\u00eat - Hunting Europe\" \/>\n<meta property=\"og:description\" content=\"Avec Ridge Pro, vous obtenez une veste de chasse courte et flexible avec une coupe plus serr\u00e9e, particuli\u00e8rement adapt\u00e9e \u00e0 la chasse active. Fabriqu\u00e9e dans un tissu silencieux et \u00e9quip\u00e9e de NEONORDIC\u00ae 100 pour la protection contre l&#039;eau et le vent. Disponible en 3 variantes du motif de camouflage unique DESOLVE\u00ae, DESOLVE\u00ae Veil, DESOLVE\u00ae Fire et DESOLVE\u00ae Fire\/Veil, ainsi qu&#039;en vert Forest Green. La veste de chasse poss\u00e8de de nombreuses poches sp\u00e9ciales adapt\u00e9es aux tireurs droitiers et gauchers.\" \/>\n<meta property=\"og:url\" content=\"https:\/\/huntingeurope.be\/fr\/produit\/veste-de-chasse-swedteam-ridge-pro-2-vert-foret\/\" \/>\n<meta property=\"og:site_name\" content=\"Hunting Europe\" \/>\n<meta property=\"article:publisher\" content=\"https:\/\/www.facebook.com\/jachtwinkel.europe\/\" \/>\n<meta property=\"article:modified_time\" content=\"2025-11-25T18:09:00+00:00\" \/>\n<meta property=\"og:image\" content=\"https:\/\/huntingeurope.be\/wp-content\/uploads\/2024\/09\/A100319-402_1800x1800.jpg\" \/>\n\t<meta property=\"og:image:width\" content=\"1800\" \/>\n\t<meta property=\"og:image:height\" content=\"1800\" \/>\n\t<meta property=\"og:image:type\" content=\"image\/jpeg\" \/>\n<meta name=\"twitter:card\" content=\"summary_large_image\" \/>\n<script type=\"application\/ld+json\" class=\"yoast-schema-graph\">{\"@context\":\"https:\\\/\\\/schema.org\",\"@graph\":[{\"@type\":\"WebPage\",\"@id\":\"https:\\\/\\\/huntingeurope.be\\\/fr\\\/produit\\\/veste-de-chasse-swedteam-ridge-pro-2-vert-foret\\\/\",\"url\":\"https:\\\/\\\/huntingeurope.be\\\/fr\\\/produit\\\/veste-de-chasse-swedteam-ridge-pro-2-vert-foret\\\/\",\"name\":\"Veste de chasse Swedteam Ridge Pro 2 - Vert for\u00eat - Hunting Europe\",\"isPartOf\":{\"@id\":\"https:\\\/\\\/huntingeurope.be\\\/fr\\\/?lang=en\\\/#website\"},\"primaryImageOfPage\":{\"@id\":\"https:\\\/\\\/huntingeurope.be\\\/fr\\\/produit\\\/veste-de-chasse-swedteam-ridge-pro-2-vert-foret\\\/#primaryimage\"},\"image\":{\"@id\":\"https:\\\/\\\/huntingeurope.be\\\/fr\\\/produit\\\/veste-de-chasse-swedteam-ridge-pro-2-vert-foret\\\/#primaryimage\"},\"thumbnailUrl\":\"https:\\\/\\\/huntingeurope.be\\\/wp-content\\\/uploads\\\/2024\\\/09\\\/A100319-402_1800x1800.jpg\",\"datePublished\":\"2024-09-30T20:03:16+00:00\",\"dateModified\":\"2025-11-25T18:09:00+00:00\",\"breadcrumb\":{\"@id\":\"https:\\\/\\\/huntingeurope.be\\\/fr\\\/produit\\\/veste-de-chasse-swedteam-ridge-pro-2-vert-foret\\\/#breadcrumb\"},\"inLanguage\":\"fr-FR\",\"potentialAction\":[{\"@type\":\"ReadAction\",\"target\":[\"https:\\\/\\\/huntingeurope.be\\\/fr\\\/produit\\\/veste-de-chasse-swedteam-ridge-pro-2-vert-foret\\\/\"]}]},{\"@type\":\"ImageObject\",\"inLanguage\":\"fr-FR\",\"@id\":\"https:\\\/\\\/huntingeurope.be\\\/fr\\\/produit\\\/veste-de-chasse-swedteam-ridge-pro-2-vert-foret\\\/#primaryimage\",\"url\":\"https:\\\/\\\/huntingeurope.be\\\/wp-content\\\/uploads\\\/2024\\\/09\\\/A100319-402_1800x1800.jpg\",\"contentUrl\":\"https:\\\/\\\/huntingeurope.be\\\/wp-content\\\/uploads\\\/2024\\\/09\\\/A100319-402_1800x1800.jpg\",\"width\":1800,\"height\":1800},{\"@type\":\"BreadcrumbList\",\"@id\":\"https:\\\/\\\/huntingeurope.be\\\/fr\\\/produit\\\/veste-de-chasse-swedteam-ridge-pro-2-vert-foret\\\/#breadcrumb\",\"itemListElement\":[{\"@type\":\"ListItem\",\"position\":1,\"name\":\"Home\",\"item\":\"https:\\\/\\\/huntingeurope.be\\\/fr\\\/\"},{\"@type\":\"ListItem\",\"position\":2,\"name\":\"Produits\",\"item\":\"https:\\\/\\\/huntingeurope.be\\\/fr\\\/shop\\\/\"},{\"@type\":\"ListItem\",\"position\":3,\"name\":\"Veste de chasse Swedteam Ridge Pro 2 &#8211; Vert for\u00eat\"}]},{\"@type\":\"WebSite\",\"@id\":\"https:\\\/\\\/huntingeurope.be\\\/fr\\\/?lang=en\\\/#website\",\"url\":\"https:\\\/\\\/huntingeurope.be\\\/fr\\\/?lang=en\\\/\",\"name\":\"Hunting Europe\",\"description\":\"Alles voor de jacht\",\"publisher\":{\"@id\":\"https:\\\/\\\/huntingeurope.be\\\/fr\\\/?lang=en\\\/#organization\"},\"potentialAction\":[{\"@type\":\"SearchAction\",\"target\":{\"@type\":\"EntryPoint\",\"urlTemplate\":\"https:\\\/\\\/huntingeurope.be\\\/fr\\\/?lang=en\\\/?s={search_term_string}\"},\"query-input\":{\"@type\":\"PropertyValueSpecification\",\"valueRequired\":true,\"valueName\":\"search_term_string\"}}],\"inLanguage\":\"fr-FR\"},{\"@type\":\"Organization\",\"@id\":\"https:\\\/\\\/huntingeurope.be\\\/fr\\\/?lang=en\\\/#organization\",\"name\":\"Hunting Europe\",\"url\":\"https:\\\/\\\/huntingeurope.be\\\/fr\\\/?lang=en\\\/\",\"logo\":{\"@type\":\"ImageObject\",\"inLanguage\":\"fr-FR\",\"@id\":\"https:\\\/\\\/huntingeurope.be\\\/fr\\\/?lang=en\\\/#\\\/schema\\\/logo\\\/image\\\/\",\"url\":\"https:\\\/\\\/huntingeurope.be\\\/wp-content\\\/uploads\\\/2021\\\/10\\\/Huntingeurope-1-1.png\",\"contentUrl\":\"https:\\\/\\\/huntingeurope.be\\\/wp-content\\\/uploads\\\/2021\\\/10\\\/Huntingeurope-1-1.png\",\"width\":280,\"height\":179,\"caption\":\"Hunting Europe\"},\"image\":{\"@id\":\"https:\\\/\\\/huntingeurope.be\\\/fr\\\/?lang=en\\\/#\\\/schema\\\/logo\\\/image\\\/\"},\"sameAs\":[\"https:\\\/\\\/www.facebook.com\\\/jachtwinkel.europe\\\/\",\"https:\\\/\\\/www.instagram.com\\\/huntingeurope\\\/\",\"https:\\\/\\\/www.youtube.com\\\/user\\\/NickolaySmet\\\/videos?view_as=subscriber\"]}]}<\/script>\n<!-- \/ Yoast SEO plugin. -->","yoast_head_json":{"title":"Veste de chasse Swedteam Ridge Pro 2 - Vert for\u00eat - Hunting Europe","robots":{"index":"index","follow":"follow","max-snippet":"max-snippet:-1","max-image-preview":"max-image-preview:large","max-video-preview":"max-video-preview:-1"},"canonical":"https:\/\/huntingeurope.be\/fr\/produit\/veste-de-chasse-swedteam-ridge-pro-2-vert-foret\/","og_locale":"fr_FR","og_type":"article","og_title":"Veste de chasse Swedteam Ridge Pro 2 - Vert for\u00eat - Hunting Europe","og_description":"Avec Ridge Pro, vous obtenez une veste de chasse courte et flexible avec une coupe plus serr\u00e9e, particuli\u00e8rement adapt\u00e9e \u00e0 la chasse active. Fabriqu\u00e9e dans un tissu silencieux et \u00e9quip\u00e9e de NEONORDIC\u00ae 100 pour la protection contre l'eau et le vent. Disponible en 3 variantes du motif de camouflage unique DESOLVE\u00ae, DESOLVE\u00ae Veil, DESOLVE\u00ae Fire et DESOLVE\u00ae Fire\/Veil, ainsi qu'en vert Forest Green. La veste de chasse poss\u00e8de de nombreuses poches sp\u00e9ciales adapt\u00e9es aux tireurs droitiers et gauchers.","og_url":"https:\/\/huntingeurope.be\/fr\/produit\/veste-de-chasse-swedteam-ridge-pro-2-vert-foret\/","og_site_name":"Hunting Europe","article_publisher":"https:\/\/www.facebook.com\/jachtwinkel.europe\/","article_modified_time":"2025-11-25T18:09:00+00:00","og_image":[{"width":1800,"height":1800,"url":"https:\/\/huntingeurope.be\/wp-content\/uploads\/2024\/09\/A100319-402_1800x1800.jpg","type":"image\/jpeg"}],"twitter_card":"summary_large_image","schema":{"@context":"https:\/\/schema.org","@graph":[{"@type":"WebPage","@id":"https:\/\/huntingeurope.be\/fr\/produit\/veste-de-chasse-swedteam-ridge-pro-2-vert-foret\/","url":"https:\/\/huntingeurope.be\/fr\/produit\/veste-de-chasse-swedteam-ridge-pro-2-vert-foret\/","name":"Veste de chasse Swedteam Ridge Pro 2 - Vert for\u00eat - Hunting Europe","isPartOf":{"@id":"https:\/\/huntingeurope.be\/fr\/?lang=en\/#website"},"primaryImageOfPage":{"@id":"https:\/\/huntingeurope.be\/fr\/produit\/veste-de-chasse-swedteam-ridge-pro-2-vert-foret\/#primaryimage"},"image":{"@id":"https:\/\/huntingeurope.be\/fr\/produit\/veste-de-chasse-swedteam-ridge-pro-2-vert-foret\/#primaryimage"},"thumbnailUrl":"https:\/\/huntingeurope.be\/wp-content\/uploads\/2024\/09\/A100319-402_1800x1800.jpg","datePublished":"2024-09-30T20:03:16+00:00","dateModified":"2025-11-25T18:09:00+00:00","breadcrumb":{"@id":"https:\/\/huntingeurope.be\/fr\/produit\/veste-de-chasse-swedteam-ridge-pro-2-vert-foret\/#breadcrumb"},"inLanguage":"fr-FR","potentialAction":[{"@type":"ReadAction","target":["https:\/\/huntingeurope.be\/fr\/produit\/veste-de-chasse-swedteam-ridge-pro-2-vert-foret\/"]}]},{"@type":"ImageObject","inLanguage":"fr-FR","@id":"https:\/\/huntingeurope.be\/fr\/produit\/veste-de-chasse-swedteam-ridge-pro-2-vert-foret\/#primaryimage","url":"https:\/\/huntingeurope.be\/wp-content\/uploads\/2024\/09\/A100319-402_1800x1800.jpg","contentUrl":"https:\/\/huntingeurope.be\/wp-content\/uploads\/2024\/09\/A100319-402_1800x1800.jpg","width":1800,"height":1800},{"@type":"BreadcrumbList","@id":"https:\/\/huntingeurope.be\/fr\/produit\/veste-de-chasse-swedteam-ridge-pro-2-vert-foret\/#breadcrumb","itemListElement":[{"@type":"ListItem","position":1,"name":"Home","item":"https:\/\/huntingeurope.be\/fr\/"},{"@type":"ListItem","position":2,"name":"Produits","item":"https:\/\/huntingeurope.be\/fr\/shop\/"},{"@type":"ListItem","position":3,"name":"Veste de chasse Swedteam Ridge Pro 2 &#8211; Vert for\u00eat"}]},{"@type":"WebSite","@id":"https:\/\/huntingeurope.be\/fr\/?lang=en\/#website","url":"https:\/\/huntingeurope.be\/fr\/?lang=en\/","name":"Hunting Europe","description":"Alles voor de jacht","publisher":{"@id":"https:\/\/huntingeurope.be\/fr\/?lang=en\/#organization"},"potentialAction":[{"@type":"SearchAction","target":{"@type":"EntryPoint","urlTemplate":"https:\/\/huntingeurope.be\/fr\/?lang=en\/?s={search_term_string}"},"query-input":{"@type":"PropertyValueSpecification","valueRequired":true,"valueName":"search_term_string"}}],"inLanguage":"fr-FR"},{"@type":"Organization","@id":"https:\/\/huntingeurope.be\/fr\/?lang=en\/#organization","name":"Hunting Europe","url":"https:\/\/huntingeurope.be\/fr\/?lang=en\/","logo":{"@type":"ImageObject","inLanguage":"fr-FR","@id":"https:\/\/huntingeurope.be\/fr\/?lang=en\/#\/schema\/logo\/image\/","url":"https:\/\/huntingeurope.be\/wp-content\/uploads\/2021\/10\/Huntingeurope-1-1.png","contentUrl":"https:\/\/huntingeurope.be\/wp-content\/uploads\/2021\/10\/Huntingeurope-1-1.png","width":280,"height":179,"caption":"Hunting Europe"},"image":{"@id":"https:\/\/huntingeurope.be\/fr\/?lang=en\/#\/schema\/logo\/image\/"},"sameAs":["https:\/\/www.facebook.com\/jachtwinkel.europe\/","https:\/\/www.instagram.com\/huntingeurope\/","https:\/\/www.youtube.com\/user\/NickolaySmet\/videos?view_as=subscriber"]}]}},"df_price":241.5,"df_sale_price":"","df_regular_price":241.5,"df_image_link":"https:\/\/huntingeurope.be\/wp-content\/uploads\/2024\/09\/A100319-402_1800x1800-300x300.jpg","_links":{"self":[{"href":"https:\/\/huntingeurope.be\/fr\/wp-json\/wp\/v2\/product\/50748","targetHints":{"allow":["GET"]}}],"collection":[{"href":"https:\/\/huntingeurope.be\/fr\/wp-json\/wp\/v2\/product"}],"about":[{"href":"https:\/\/huntingeurope.be\/fr\/wp-json\/wp\/v2\/types\/product"}],"wp:featuredmedia":[{"embeddable":true,"href":"https:\/\/huntingeurope.be\/fr\/wp-json\/wp\/v2\/media\/50676"}],"wp:attachment":[{"href":"https:\/\/huntingeurope.be\/fr\/wp-json\/wp\/v2\/media?parent=50748"}],"wp:term":[{"taxonomy":"product_brand","embeddable":true,"href":"https:\/\/huntingeurope.be\/fr\/wp-json\/wp\/v2\/product_brand?post=50748"},{"taxonomy":"product_cat","embeddable":true,"href":"https:\/\/huntingeurope.be\/fr\/wp-json\/wp\/v2\/product_cat?post=50748"},{"taxonomy":"product_tag","embeddable":true,"href":"https:\/\/huntingeurope.be\/fr\/wp-json\/wp\/v2\/product_tag?post=50748"}],"curies":[{"name":"wp","href":"https:\/\/api.w.org\/{rel}","templated":true}]}}